{"version":"1.0","provider_name":"Forum Qu\u00e9bec Japon","provider_url":"https:\/\/forumquebecjapon.org\/fr\/","author_name":"FQJ","author_url":"https:\/\/forumquebecjapon.org\/fr\/author\/fqj\/","title":"OSAKA \u00d7 QU\u00c9BEC : DE NOUVELLES OPPORTUNIT\u00c9S D\u2019AFFAIRES - Forum Qu\u00e9bec Japon","type":"rich","width":600,"height":338,"html":"<blockquote class=\"wp-embedded-content\" data-secret=\"kzNyEFaXDg\"><a href=\"https:\/\/forumquebecjapon.org\/fr\/news-and-events\/osaka-x-quebec-new-business-opportunities\/\">OSAKA \u00d7 QU\u00c9BEC : DE NOUVELLES OPPORTUNIT\u00c9S D\u2019AFFAIRES<\/a><\/blockquote><iframe sandbox=\"allow-scripts\" security=\"restricted\" src=\"https:\/\/forumquebecjapon.org\/fr\/news-and-events\/osaka-x-quebec-new-business-opportunities\/embed\/#?secret=kzNyEFaXDg\" width=\"600\" height=\"338\" title=\"\u00ab\u00a0OSAKA \u00d7 QU\u00c9BEC : DE NOUVELLES OPPORTUNIT\u00c9S D\u2019AFFAIRES\u00a0\u00bb &#8212; Forum Qu\u00e9bec Japon\" data-secret=\"kzNyEFaXDg\" frameborder=\"0\" marginwidth=\"0\" marginheight=\"0\" scrolling=\"no\" class=\"wp-embedded-content\"><\/iframe><script type=\"text\/javascript\">\n\/* <![CDATA[ *\/\n\/*! This file is auto-generated *\/\n!function(d,l){\"use strict\";l.querySelector&&d.addEventListener&&\"undefined\"!=typeof URL&&(d.wp=d.wp||{},d.wp.receiveEmbedMessage||(d.wp.receiveEmbedMessage=function(e){var t=e.data;if((t||t.secret||t.message||t.value)&&!\/[^a-zA-Z0-9]\/.test(t.secret)){for(var s,r,n,a=l.querySelectorAll('iframe[data-secret=\"'+t.secret+'\"]'),o=l.querySelectorAll('blockquote[data-secret=\"'+t.secret+'\"]'),c=new RegExp(\"^https?:$\",\"i\"),i=0;i<o.length;i++)o[i].style.display=\"none\";for(i=0;i<a.length;i++)s=a[i],e.source===s.contentWindow&&(s.removeAttribute(\"style\"),\"height\"===t.message?(1e3<(r=parseInt(t.value,10))?r=1e3:~~r<200&&(r=200),s.height=r):\"link\"===t.message&&(r=new URL(s.getAttribute(\"src\")),n=new URL(t.value),c.test(n.protocol))&&n.host===r.host&&l.activeElement===s&&(d.top.location.href=t.value))}},d.addEventListener(\"message\",d.wp.receiveEmbedMessage,!1),l.addEventListener(\"DOMContentLoaded\",function(){for(var e,t,s=l.querySelectorAll(\"iframe.wp-embedded-content\"),r=0;r<s.length;r++)(t=(e=s[r]).getAttribute(\"data-secret\"))||(t=Math.random().toString(36).substring(2,12),e.src+=\"#?secret=\"+t,e.setAttribute(\"data-secret\",t)),e.contentWindow.postMessage({message:\"ready\",secret:t},\"*\")},!1)))}(window,document);\n\/* ]]> *\/\n<\/script>\n","thumbnail_url":"https:\/\/forumquebecjapon.org\/wp-content\/uploads\/2026\/09\/kit-ko-9zYjlA4LqTU-unsplash.webp","thumbnail_width":1280,"thumbnail_height":1920,"description":"Le Forum d\u2019affaires Qu\u00e9bec-Japon est heureux de s\u2019associer \u00e0 JETRO (Japan External Trade Organization) \u00e0 l\u2019occasion de la visite \u00e0 Montr\u00e9al d\u2019une d\u00e9l\u00e9gation d\u2019affaires en provenance d\u2019Osaka. Cette rencontre sera une occasion privil\u00e9gi\u00e9e de d\u00e9couvrir des entreprises japonaises, d\u2019\u00e9changer directement avec leurs repr\u00e9sentants et d\u2019explorer de nouvelles possibilit\u00e9s de collaboration entre le Qu\u00e9bec et le [&hellip;]"}